{"id":43667,"date":"2026-04-11T18:05:49","date_gmt":"2026-04-11T16:05:49","guid":{"rendered":"https:\/\/cinemaoriental.com\/?post_type=film&#038;p=43667"},"modified":"2026-04-11T18:05:49","modified_gmt":"2026-04-11T16:05:49","slug":"el-noi-lleo-2","status":"publish","type":"film","link":"https:\/\/cinemaoriental.com\/es\/pelicula\/el-noi-lleo-2\/","title":{"rendered":"EL NOI LLE\u00d3 2 (I AM WHAT I AM 2 \u00b7 \u96c4\u72ee\u5c11\u5e742)"},"content":{"rendered":"<div id=\"pl-43667\"  class=\"panel-layout\" ><div id=\"pg-43667-0\"  class=\"panel-grid panel-no-style\" ><div id=\"pgc-43667-0-0\"  class=\"panel-grid-cell\" ><div id=\"panel-43667-0-0-0\" class=\"so-panel widget widget_sow-editor panel-first-child panel-last-child\" data-index=\"0\" ><div\n\t\t\t\n\t\t\tclass=\"so-widget-sow-editor so-widget-sow-editor-base\"\n\t\t\t\n\t\t>\n<div class=\"siteorigin-widget-tinymce textwidget\">\n\t<p>Gyun continua con su crecimiento personal y f\u00edsico, sumando su habilidad en la danza del le\u00f3n a las artes marciales en esta segunda aventura, m\u00e1s adulta, m\u00e1s visceral pero igual de emotiva y emocionante<\/p>\n<p>Una carta de amor sincera a los so\u00f1adores, a los luchadores humildes que, incluso en un mundo tan hostil, consiguen sus objetivos con esfuerzo e integridad. Y recordad que, como dice el sabio, m\u00e1s hace un le\u00f3n callado que un pedro ladrando.<\/p>\n<\/div>\n<\/div><\/div><\/div><\/div><\/div>","protected":false},"featured_media":43635,"template":"","class_list":["post-43667","film","type-film","status-publish","has-post-thumbnail","hentry","festival_edition-2026-es"],"acf":[],"yoast_head":"<!-- This site is optimized with the Yoast SEO plugin v27.2 - https:\/\/yoast.com\/product\/yoast-seo-wordpress\/ -->\n<title>EL NOI LLE\u00d3 2 (I AM WHAT I AM 2 \u00b7 \u96c4\u72ee\u5c11\u5e742) - Festival Nits de cinema oriental de Vic<\/title>\n<meta name=\"robots\" content=\"index, follow, max-snippet:-1, max-image-preview:large, max-video-preview:-1\" \/>\n<link rel=\"canonical\" href=\"https:\/\/cinemaoriental.com\/pelicula\/el-noi-lleo-2\/\" \/>\n<meta property=\"og:locale\" content=\"es_ES\" \/>\n<meta property=\"og:type\" content=\"article\" \/>\n<meta property=\"og:title\" content=\"EL NOI LLE\u00d3 2 (I AM WHAT I AM 2 \u00b7 \u96c4\u72ee\u5c11\u5e742) - Festival Nits de cinema oriental de Vic\" \/>\n<meta property=\"og:description\" content=\"Gyun continua con su crecimiento personal y f\u00edsico, sumando su habilidad en la danza del le\u00f3n a las artes marciales [&hellip;]\" \/>\n<meta property=\"og:url\" content=\"https:\/\/cinemaoriental.com\/pelicula\/el-noi-lleo-2\/\" \/>\n<meta property=\"og:site_name\" content=\"Festival Nits de cinema oriental de Vic\" \/>\n<meta property=\"article:publisher\" content=\"https:\/\/www.facebook.com\/nitscinemaoriental\" \/>\n<meta property=\"og:image\" content=\"https:\/\/cinemaoriental.com\/wp-content\/uploads\/2026\/04\/EL-NOI-LLEO-2_Foto.jpg\" \/>\n\t<meta property=\"og:image:width\" content=\"1549\" \/>\n\t<meta property=\"og:image:height\" content=\"778\" \/>\n\t<meta property=\"og:image:type\" content=\"image\/jpeg\" \/>\n<meta name=\"twitter:card\" content=\"summary_large_image\" \/>\n<meta name=\"twitter:site\" content=\"@CinemaOriental\" \/>\n<meta name=\"twitter:label1\" content=\"Tiempo de lectura\" \/>\n\t<meta name=\"twitter:data1\" content=\"1 minuto\" \/>\n<script type=\"application\/ld+json\" class=\"yoast-schema-graph\">{\"@context\":\"https:\/\/schema.org\",\"@graph\":[{\"@type\":\"WebPage\",\"@id\":\"https:\/\/cinemaoriental.com\/pelicula\/el-noi-lleo-2\/\",\"url\":\"https:\/\/cinemaoriental.com\/pelicula\/el-noi-lleo-2\/\",\"name\":\"EL NOI LLE\u00d3 2 (I AM WHAT I AM 2 \u00b7 \u96c4\u72ee\u5c11\u5e742) - Festival Nits de cinema oriental de Vic\",\"isPartOf\":{\"@id\":\"https:\/\/cinemaoriental.com\/en\/#website\"},\"primaryImageOfPage\":{\"@id\":\"https:\/\/cinemaoriental.com\/pelicula\/el-noi-lleo-2\/#primaryimage\"},\"image\":{\"@id\":\"https:\/\/cinemaoriental.com\/pelicula\/el-noi-lleo-2\/#primaryimage\"},\"thumbnailUrl\":\"https:\/\/cinemaoriental.com\/wp-content\/uploads\/2026\/04\/EL-NOI-LLEO-2_Foto.jpg\",\"datePublished\":\"2026-04-11T16:05:49+00:00\",\"breadcrumb\":{\"@id\":\"https:\/\/cinemaoriental.com\/pelicula\/el-noi-lleo-2\/#breadcrumb\"},\"inLanguage\":\"es\",\"potentialAction\":[{\"@type\":\"ReadAction\",\"target\":[\"https:\/\/cinemaoriental.com\/pelicula\/el-noi-lleo-2\/\"]}]},{\"@type\":\"ImageObject\",\"inLanguage\":\"es\",\"@id\":\"https:\/\/cinemaoriental.com\/pelicula\/el-noi-lleo-2\/#primaryimage\",\"url\":\"https:\/\/cinemaoriental.com\/wp-content\/uploads\/2026\/04\/EL-NOI-LLEO-2_Foto.jpg\",\"contentUrl\":\"https:\/\/cinemaoriental.com\/wp-content\/uploads\/2026\/04\/EL-NOI-LLEO-2_Foto.jpg\",\"width\":1549,\"height\":778},{\"@type\":\"BreadcrumbList\",\"@id\":\"https:\/\/cinemaoriental.com\/pelicula\/el-noi-lleo-2\/#breadcrumb\",\"itemListElement\":[{\"@type\":\"ListItem\",\"position\":1,\"name\":\"Inici\",\"item\":\"https:\/\/cinemaoriental.com\/es\/\"},{\"@type\":\"ListItem\",\"position\":2,\"name\":\"Pel\u00b7l\u00edcules\",\"item\":\"https:\/\/cinemaoriental.com\/pelicula\/\"},{\"@type\":\"ListItem\",\"position\":3,\"name\":\"EL NOI LLE\u00d3 2 (I AM WHAT I AM 2 \u00b7 \u96c4\u72ee\u5c11\u5e742)\"}]},{\"@type\":\"WebSite\",\"@id\":\"https:\/\/cinemaoriental.com\/en\/#website\",\"url\":\"https:\/\/cinemaoriental.com\/en\/\",\"name\":\"Festival Nits de cinema oriental de Vic\",\"description\":\"19a Edici\u00f3 \u2013 Vic, del 19 al 24 de juliol de 2022\",\"publisher\":{\"@id\":\"https:\/\/cinemaoriental.com\/en\/#organization\"},\"potentialAction\":[{\"@type\":\"SearchAction\",\"target\":{\"@type\":\"EntryPoint\",\"urlTemplate\":\"https:\/\/cinemaoriental.com\/en\/?s={search_term_string}\"},\"query-input\":{\"@type\":\"PropertyValueSpecification\",\"valueRequired\":true,\"valueName\":\"search_term_string\"}}],\"inLanguage\":\"es\"},{\"@type\":\"Organization\",\"@id\":\"https:\/\/cinemaoriental.com\/en\/#organization\",\"name\":\"Festival Nits de cinema oriental de Vic\",\"url\":\"https:\/\/cinemaoriental.com\/en\/\",\"logo\":{\"@type\":\"ImageObject\",\"inLanguage\":\"es\",\"@id\":\"https:\/\/cinemaoriental.com\/en\/#\/schema\/logo\/image\/\",\"url\":\"https:\/\/cinemaoriental.com\/wp-content\/uploads\/2023\/05\/cropped-android-chrome-512x512-1.png\",\"contentUrl\":\"https:\/\/cinemaoriental.com\/wp-content\/uploads\/2023\/05\/cropped-android-chrome-512x512-1.png\",\"width\":512,\"height\":512,\"caption\":\"Festival Nits de cinema oriental de Vic\"},\"image\":{\"@id\":\"https:\/\/cinemaoriental.com\/en\/#\/schema\/logo\/image\/\"},\"sameAs\":[\"https:\/\/www.facebook.com\/nitscinemaoriental\",\"https:\/\/x.com\/CinemaOriental\",\"https:\/\/www.instagram.com\/cinemaoriental\/\"]}]}<\/script>\n<!-- \/ Yoast SEO plugin. -->","yoast_head_json":{"title":"EL NOI LLE\u00d3 2 (I AM WHAT I AM 2 \u00b7 \u96c4\u72ee\u5c11\u5e742) - Festival Nits de cinema oriental de Vic","robots":{"index":"index","follow":"follow","max-snippet":"max-snippet:-1","max-image-preview":"max-image-preview:large","max-video-preview":"max-video-preview:-1"},"canonical":"https:\/\/cinemaoriental.com\/pelicula\/el-noi-lleo-2\/","og_locale":"es_ES","og_type":"article","og_title":"EL NOI LLE\u00d3 2 (I AM WHAT I AM 2 \u00b7 \u96c4\u72ee\u5c11\u5e742) - Festival Nits de cinema oriental de Vic","og_description":"Gyun continua con su crecimiento personal y f\u00edsico, sumando su habilidad en la danza del le\u00f3n a las artes marciales [&hellip;]","og_url":"https:\/\/cinemaoriental.com\/pelicula\/el-noi-lleo-2\/","og_site_name":"Festival Nits de cinema oriental de Vic","article_publisher":"https:\/\/www.facebook.com\/nitscinemaoriental","og_image":[{"width":1549,"height":778,"url":"https:\/\/cinemaoriental.com\/wp-content\/uploads\/2026\/04\/EL-NOI-LLEO-2_Foto.jpg","type":"image\/jpeg"}],"twitter_card":"summary_large_image","twitter_site":"@CinemaOriental","twitter_misc":{"Tiempo de lectura":"1 minuto"},"schema":{"@context":"https:\/\/schema.org","@graph":[{"@type":"WebPage","@id":"https:\/\/cinemaoriental.com\/pelicula\/el-noi-lleo-2\/","url":"https:\/\/cinemaoriental.com\/pelicula\/el-noi-lleo-2\/","name":"EL NOI LLE\u00d3 2 (I AM WHAT I AM 2 \u00b7 \u96c4\u72ee\u5c11\u5e742) - Festival Nits de cinema oriental de Vic","isPartOf":{"@id":"https:\/\/cinemaoriental.com\/en\/#website"},"primaryImageOfPage":{"@id":"https:\/\/cinemaoriental.com\/pelicula\/el-noi-lleo-2\/#primaryimage"},"image":{"@id":"https:\/\/cinemaoriental.com\/pelicula\/el-noi-lleo-2\/#primaryimage"},"thumbnailUrl":"https:\/\/cinemaoriental.com\/wp-content\/uploads\/2026\/04\/EL-NOI-LLEO-2_Foto.jpg","datePublished":"2026-04-11T16:05:49+00:00","breadcrumb":{"@id":"https:\/\/cinemaoriental.com\/pelicula\/el-noi-lleo-2\/#breadcrumb"},"inLanguage":"es","potentialAction":[{"@type":"ReadAction","target":["https:\/\/cinemaoriental.com\/pelicula\/el-noi-lleo-2\/"]}]},{"@type":"ImageObject","inLanguage":"es","@id":"https:\/\/cinemaoriental.com\/pelicula\/el-noi-lleo-2\/#primaryimage","url":"https:\/\/cinemaoriental.com\/wp-content\/uploads\/2026\/04\/EL-NOI-LLEO-2_Foto.jpg","contentUrl":"https:\/\/cinemaoriental.com\/wp-content\/uploads\/2026\/04\/EL-NOI-LLEO-2_Foto.jpg","width":1549,"height":778},{"@type":"BreadcrumbList","@id":"https:\/\/cinemaoriental.com\/pelicula\/el-noi-lleo-2\/#breadcrumb","itemListElement":[{"@type":"ListItem","position":1,"name":"Inici","item":"https:\/\/cinemaoriental.com\/es\/"},{"@type":"ListItem","position":2,"name":"Pel\u00b7l\u00edcules","item":"https:\/\/cinemaoriental.com\/pelicula\/"},{"@type":"ListItem","position":3,"name":"EL NOI LLE\u00d3 2 (I AM WHAT I AM 2 \u00b7 \u96c4\u72ee\u5c11\u5e742)"}]},{"@type":"WebSite","@id":"https:\/\/cinemaoriental.com\/en\/#website","url":"https:\/\/cinemaoriental.com\/en\/","name":"Festival Nits de cinema oriental de Vic","description":"19a Edici\u00f3 \u2013 Vic, del 19 al 24 de juliol de 2022","publisher":{"@id":"https:\/\/cinemaoriental.com\/en\/#organization"},"potentialAction":[{"@type":"SearchAction","target":{"@type":"EntryPoint","urlTemplate":"https:\/\/cinemaoriental.com\/en\/?s={search_term_string}"},"query-input":{"@type":"PropertyValueSpecification","valueRequired":true,"valueName":"search_term_string"}}],"inLanguage":"es"},{"@type":"Organization","@id":"https:\/\/cinemaoriental.com\/en\/#organization","name":"Festival Nits de cinema oriental de Vic","url":"https:\/\/cinemaoriental.com\/en\/","logo":{"@type":"ImageObject","inLanguage":"es","@id":"https:\/\/cinemaoriental.com\/en\/#\/schema\/logo\/image\/","url":"https:\/\/cinemaoriental.com\/wp-content\/uploads\/2023\/05\/cropped-android-chrome-512x512-1.png","contentUrl":"https:\/\/cinemaoriental.com\/wp-content\/uploads\/2023\/05\/cropped-android-chrome-512x512-1.png","width":512,"height":512,"caption":"Festival Nits de cinema oriental de Vic"},"image":{"@id":"https:\/\/cinemaoriental.com\/en\/#\/schema\/logo\/image\/"},"sameAs":["https:\/\/www.facebook.com\/nitscinemaoriental","https:\/\/x.com\/CinemaOriental","https:\/\/www.instagram.com\/cinemaoriental\/"]}]}},"_links":{"self":[{"href":"https:\/\/cinemaoriental.com\/es\/wp-json\/wp\/v2\/film\/43667","targetHints":{"allow":["GET"]}}],"collection":[{"href":"https:\/\/cinemaoriental.com\/es\/wp-json\/wp\/v2\/film"}],"about":[{"href":"https:\/\/cinemaoriental.com\/es\/wp-json\/wp\/v2\/types\/film"}],"version-history":[{"count":3,"href":"https:\/\/cinemaoriental.com\/es\/wp-json\/wp\/v2\/film\/43667\/revisions"}],"predecessor-version":[{"id":43672,"href":"https:\/\/cinemaoriental.com\/es\/wp-json\/wp\/v2\/film\/43667\/revisions\/43672"}],"wp:featuredmedia":[{"embeddable":true,"href":"https:\/\/cinemaoriental.com\/es\/wp-json\/wp\/v2\/media\/43635"}],"wp:attachment":[{"href":"https:\/\/cinemaoriental.com\/es\/wp-json\/wp\/v2\/media?parent=43667"}],"curies":[{"name":"wp","href":"https:\/\/api.w.org\/{rel}","templated":true}]}}